{"id":2429,"date":"2025-10-03T12:06:58","date_gmt":"2025-10-03T11:06:58","guid":{"rendered":"https:\/\/hugorosasilvaterapia.pt\/?page_id=2429"},"modified":"2026-03-03T09:09:11","modified_gmt":"2026-03-03T09:09:11","slug":"aulas","status":"publish","type":"page","link":"https:\/\/hugorosasilvaterapia.pt\/index.php\/aulas\/","title":{"rendered":"Aulas"},"content":{"rendered":"\n<div class=\"wp-block-cover alignfull has-parallax has-link-color wp-elements-3f2113a17440887de6331ff39628cd04\" style=\"min-height:100vh;aspect-ratio:unset;\"><div class=\"wp-block-cover__image-background wp-image-2782 size-large has-parallax\" style=\"background-position:50% 50%;background-image:url(https:\/\/hugorosasilvaterapia.pt\/wp-content\/uploads\/2026\/02\/Meditacao-585x1024.jpeg)\"><\/div><span aria-hidden=\"true\" class=\"wp-block-cover__background has-black-background-color has-background-dim\"><\/span><div class=\"wp-block-cover__inner-container has-global-padding is-layout-constrained wp-block-cover-is-layout-constrained\">\n<p class=\"has-text-align-center has-ktj-font-large-font-size\"><strong>Atendimento personalizado<\/strong><\/p>\n<\/div><\/div>\n\n\n\n<div class=\"wp-block-group alignfull has-kenta-base-background-color has-background has-global-padding is-layout-constrained wp-block-group-is-layout-constrained\" style=\"padding-top:var(--wp--preset--spacing--80);padding-bottom:var(--wp--preset--spacing--80)\">\n<div class=\"wp-block-media-text is-stacked-on-mobile\"><figure class=\"wp-block-media-text__media\"><img loading=\"lazy\" decoding=\"async\" width=\"1024\" height=\"684\" src=\"https:\/\/hugorosasilvaterapia.pt\/wp-content\/uploads\/2026\/02\/Yoga-2-1024x684.jpg\" alt=\"\" class=\"wp-image-2785 size-full\" srcset=\"https:\/\/hugorosasilvaterapia.pt\/wp-content\/uploads\/2026\/02\/Yoga-2-1024x684.jpg 1024w, https:\/\/hugorosasilvaterapia.pt\/wp-content\/uploads\/2026\/02\/Yoga-2-300x200.jpg 300w, https:\/\/hugorosasilvaterapia.pt\/wp-content\/uploads\/2026\/02\/Yoga-2-768x513.jpg 768w, https:\/\/hugorosasilvaterapia.pt\/wp-content\/uploads\/2026\/02\/Yoga-2-1536x1025.jpg 1536w, https:\/\/hugorosasilvaterapia.pt\/wp-content\/uploads\/2026\/02\/Yoga-2.jpg 2048w\" sizes=\"auto, (max-width: 1024px) 100vw, 1024px\" \/><\/figure><div class=\"wp-block-media-text__content\">\n<div class=\"wp-block-kenta-blocks-heading kb-heading kb-heading-h2 kb-heading-60316211\"><h2 class=\"\"><strong>Yoga<\/strong><\/h2><\/div>\n\n\n\n<p>A pr\u00e1tica de yoga tem benef\u00edcios cientificamente comprovados a n\u00edvel f\u00edsico, emocional e mental. Junta-te a n\u00f3s e vem abrandar o ritmo da correria di\u00e1ria usufruindo de uma ainda maior consci\u00eancia. Mais do que exerc\u00edcio f\u00edsico, yoga \u00e9 uma forma de vida que se adapta \u00e0 realidade em que est\u00e1 inserido e que \u00e9 como a vida, simplesmente acontece. As aulas de yoga v\u00e3o contribuir para a promo\u00e7\u00e3o do teu bem-estar f\u00edsico, mental, emocional e espiritual.<\/p>\n\n\n\n<p><strong>3\u00aa feira \u00e0s 9h30<\/strong><\/p>\n<\/div><\/div>\n<\/div>\n\n\n\n<div class=\"wp-block-group alignfull has-kenta-base-background-color has-background has-global-padding is-layout-constrained wp-block-group-is-layout-constrained\" style=\"padding-top:var(--wp--preset--spacing--80);padding-bottom:var(--wp--preset--spacing--80)\">\n<div class=\"wp-block-media-text has-media-on-the-right is-stacked-on-mobile\"><div class=\"wp-block-media-text__content\">\n<div class=\"wp-block-kenta-blocks-heading kb-heading kb-heading-h2 kb-heading-f648e618\"><h2 class=\"\"><strong><strong>Medita\u00e7\u00e3o<\/strong><\/strong><\/h2><\/div>\n\n\n\n<p>Pr\u00e1tica semanal onde cultivamos as pausas, o autoconhecimento e o sentir. Aulas presenciais regulares que contribuem para o desenvolvimento pessoal individual e coletivo deste todo onde nos estamos inseridos.<\/p>\n\n\n\n<p><strong>4\u00aa feira \u00e0s 19h<\/strong><\/p>\n<\/div><figure class=\"wp-block-media-text__media\"><img loading=\"lazy\" decoding=\"async\" width=\"1024\" height=\"576\" src=\"https:\/\/hugorosasilvaterapia.pt\/wp-content\/uploads\/2026\/02\/Meditacao2-1-1024x576.jpg\" alt=\"\" class=\"wp-image-2787 size-full\" srcset=\"https:\/\/hugorosasilvaterapia.pt\/wp-content\/uploads\/2026\/02\/Meditacao2-1-1024x576.jpg 1024w, https:\/\/hugorosasilvaterapia.pt\/wp-content\/uploads\/2026\/02\/Meditacao2-1-300x169.jpg 300w, https:\/\/hugorosasilvaterapia.pt\/wp-content\/uploads\/2026\/02\/Meditacao2-1-768x432.jpg 768w, https:\/\/hugorosasilvaterapia.pt\/wp-content\/uploads\/2026\/02\/Meditacao2-1-1536x864.jpg 1536w, https:\/\/hugorosasilvaterapia.pt\/wp-content\/uploads\/2026\/02\/Meditacao2-1.jpg 2048w\" sizes=\"auto, (max-width: 1024px) 100vw, 1024px\" \/><\/figure><\/div>\n<\/div>\n\n\n\n<div class=\"wp-block-columns is-layout-flex wp-container-core-columns-is-layout-28f84493 wp-block-columns-is-layout-flex\">\n<div class=\"wp-block-column pricing-card is-layout-flow wp-block-column-is-layout-flow\" style=\"flex-basis:25.01%\">\n<div class=\"pricing-card-blue-top\">\n  <h2>1 AULA<\/h2>\n  <h3>por semana<\/h3>\n<\/div>\n<div class=\"pricing-card-content\">\n  <h5>45\u20ac<\/h5>\n  <p>\/m\u00eas<\/p>\n  <div>\n    <i class=\"fa fa-check\"><\/i> Yoga\n  <\/div>\n  <div style=\"margin-bottom: 25px\">\n    <i class=\"fa fa-check\"><\/i> Medita\u00e7\u00e3o\n  <\/div>\n<\/div>\n<\/div>\n\n\n\n<div class=\"wp-block-column pricing-card is-layout-flow wp-block-column-is-layout-flow\" style=\"flex-basis:25%\">\n<div class=\"pricing-card-blue-top\">\n  <h2>2 AULAS<\/h2>\n  <h3>por semana<\/h3>\n<\/div>\n<div class=\"pricing-card-content\">\n  <h5>50\u20ac<\/h5>\n  <p>\/m\u00eas<\/p>\n  <div>\n    <i class=\"fa fa-check\"><\/i> Yoga\n  <\/div>\n  <div style=\"margin-bottom: 25px\">\n    <i class=\"fa fa-check\"><\/i> Medita\u00e7\u00e3o\n  <\/div>\n<\/div>\n<\/div>\n\n\n\n<div class=\"wp-block-column pricing-card is-layout-flow wp-block-column-is-layout-flow\" style=\"flex-basis:25%\">\n<div class=\"pricing-card-blue-top\">\n  <h2>AULA<\/h2>\n  <h3>avulsa<\/h3>\n<\/div>\n<div class=\"pricing-card-content\">\n  <h5>12\u20ac<\/h5>\n  <div style=\"margin-top: 50px\">\n    <i class=\"fa fa-check\"><\/i> Yoga\n  <\/div>\n  <div style=\"margin-bottom: 25px\">\n    <i class=\"fa fa-check\"><\/i> Medita\u00e7\u00e3o\n  <\/div>\n<\/div>\n<\/div>\n<\/div>\n\n\n\n<div class=\"wp-block-columns is-layout-flex wp-container-core-columns-is-layout-28f84493 wp-block-columns-is-layout-flex\">\n<div class=\"wp-block-column is-layout-flow wp-block-column-is-layout-flow\">\n<h2 class=\"wp-block-heading\">Bonifica\u00e7\u00f5es<\/h2>\n\n\n\n<p><strong>Desconto de 10 % na mensalidade&nbsp;para os&nbsp;membros da fam\u00edlia que frequentem duas ou mais aulas por semana.<\/strong><br><span style=\"margin-top:0;margin-bottom:0;padding-top:0;padding-bottom:0;font-size: 13px;\">Os descontos n\u00e3o s\u00e3o cumulativos nem aplic\u00e1veis \u00e0 Dan\u00e7a e Movimento Terapia (DMT)<\/span><\/p>\n\n\n\n<h2 class=\"wp-block-heading diff-title\">Seguro Anual<\/h2>\n\n\n\n<p><strong>12\u20ac pagos aquando da inscri\u00e7\u00e3o <\/strong><\/p>\n<\/div>\n\n\n\n<div class=\"wp-block-column is-layout-flow wp-block-column-is-layout-flow\">\n<h2 class=\"wp-block-heading\">Formas de Pagamento<\/h2>\n\n\n\n<p>O pagamento da mensalidade das aulas deve&nbsp;ser efetuado atrav\u00e9s de <strong>transfer\u00eancia banc\u00e1ria <\/strong>(IBAN) ou atrav\u00e9s de <strong>MBway<\/strong>.<\/p>\n\n\n\n<p><strong><span style=\"text-decoration: underline;\">IBAN:<\/span> PT50 0193 0000 1050 5399 4015 6<br><span style=\"text-decoration: underline;\">MBway:<\/span>&nbsp;965665875<\/strong><\/p>\n<\/div>\n<\/div>\n\n\n\n<style>\n.diff-title {\n  line-height: 0.3 !important;\n}\n.pricing-card:not(:last-child){\n  margin-right: 10px !important;\n}\n.pricing-card{\n  border: solid 1px;\n  text-align: center;\n}\n.pricing-card:hover{\n  cursor: pointer;\n}\n.pricing-card-blue-top{\n  background: var(--kenta-primary-color);\n}\n.pricing-card-blue-top h2{\n  margin: 0;\n  padding: 15px 0 0 0;\n  font-size: 32px;\n  font-family: Paytone One;\n}\n.pricing-card-blue-top h3{\n  margin: 0;\n  padding: 5px 0 15px;\n  font-size: 20px;\n}\n.pricing-card-content i{\n  color: var(--kb-primary-color);\n}\n.pricing-card-content h5{\n  margin: 0;\n  padding: 15px 0 0 0;\n  font-family: Paytone One;\n}\n.pricing-card-content p{\n  margin: 0;\n  padding: 0 0 20px 0;\n}\n<\/style>\n<script type=\"text\/javascript\">\nsetTimeout(()=>{\n  document.querySelectorAll(\".pricing-card\").forEach(el => \n    el.addEventListener(\"click\", () => window.open(\"https:\/\/forms.gle\/nAwrVpQtC7f4MS4c8\", \"_blank\")))\n}, 300)\n<\/script>\n\n\n\n<div class=\"wp-block-group alignfull hide has-kenta-base-background-color has-background has-global-padding is-layout-constrained wp-block-group-is-layout-constrained\" style=\"padding-top:var(--wp--preset--spacing--80);padding-bottom:var(--wp--preset--spacing--80)\">\n<div class=\"wp-block-media-text is-stacked-on-mobile\"><figure class=\"wp-block-media-text__media\"><img loading=\"lazy\" decoding=\"async\" width=\"1024\" height=\"682\" src=\"https:\/\/hugorosasilvaterapia.pt\/wp-content\/uploads\/2025\/10\/DMT-1-1024x682.jpeg\" alt=\"\" class=\"wp-image-2497 size-full\" srcset=\"https:\/\/hugorosasilvaterapia.pt\/wp-content\/uploads\/2025\/10\/DMT-1-1024x682.jpeg 1024w, https:\/\/hugorosasilvaterapia.pt\/wp-content\/uploads\/2025\/10\/DMT-1-300x200.jpeg 300w, https:\/\/hugorosasilvaterapia.pt\/wp-content\/uploads\/2025\/10\/DMT-1-768x512.jpeg 768w, https:\/\/hugorosasilvaterapia.pt\/wp-content\/uploads\/2025\/10\/DMT-1.jpeg 1280w\" sizes=\"auto, (max-width: 1024px) 100vw, 1024px\" \/><\/figure><div class=\"wp-block-media-text__content\">\n<div class=\"wp-block-kenta-blocks-heading kb-heading kb-heading-h2 kb-heading-d2196280\"><h2 class=\"\"><strong>Dan\u00e7a e Movimento Terapia<\/strong><\/h2><\/div>\n\n\n\n<p>Abordagem psicoterap\u00eautica que utiliza o movimento e a dan\u00e7a como meios de express\u00e3o e integra\u00e7\u00e3o emocional, promovendo consci\u00eancia corporal, autorregula\u00e7\u00e3o e bem-estar. Atrav\u00e9s de gestos espont\u00e2neos, da explora\u00e7\u00e3o do espa\u00e7o e da aten\u00e7\u00e3o \u00e0s qualidades do movimento, entramos em contacto com padr\u00f5es internos podendo transform\u00e1-los criativamente. Sess\u00f5es individuais ou em grupo num espa\u00e7o seguro para cultivar presen\u00e7a e reconectar corpo, emo\u00e7\u00e3o e mente.<br><br><strong><a href=\"https:\/\/hugorosasilvaterapia.pt\/index.php\/contactos\/\" title=\"Contactos\">Terapias Individuais e de Grupo<\/a><\/strong> (contacte-nos)<\/p>\n<\/div><\/div>\n<\/div>\n\n\n\n<div class=\"wp-block-group has-global-padding is-layout-constrained wp-block-group-is-layout-constrained\">\n<div class=\"wp-block-columns hide is-layout-flex wp-container-core-columns-is-layout-28f84493 wp-block-columns-is-layout-flex\">\n<div class=\"wp-block-column pricing-card is-layout-flow wp-block-column-is-layout-flow\" style=\"flex-basis:50%\">\n<div class=\"pricing-card-blue-top\">\n  <h2>TERAPIA<\/h2>\n  <h3>INDIVIDUAL<\/h3>\n<\/div>\n<div class=\"pricing-card-content\">\n  <h5>70\u20ac<\/h5>\n  <div style=\"margin-bottom: 25px\">\n    <i class=\"fa fa-check\"><\/i> Dan\u00e7a e Movimento\n  <\/div>\n<\/div>\n<\/div>\n\n\n\n<div class=\"wp-block-column pricing-card is-layout-flow wp-block-column-is-layout-flow\" style=\"flex-basis:50%\">\n<div class=\"pricing-card-blue-top\">\n  <h2>TERAPIA<\/h2>\n  <h3>DE GRUPO<\/h3>\n<\/div>\n<div class=\"pricing-card-content\">\n  <h5>30\u20ac \/ Pessoa<\/h5>\n  <div style=\"margin-bottom: 25px\">\n    <i class=\"fa fa-check\"><\/i> Dan\u00e7a e Movimento\n  <\/div>\n<\/div>\n<\/div>\n\n\n\n<div class=\"wp-block-column is-layout-flow wp-block-column-is-layout-flow\" style=\"flex-basis:50%\">\n<h2 class=\"wp-block-heading has-ktj-font-xsmall-font-size\">Formas de Pagamento<\/h2>\n\n\n\n<p class=\"has-ktj-font-xsmall-font-size\">O pagamento da mensalidade das aulas deve&nbsp;ser efetuado atrav\u00e9s de <strong>transfer\u00eancia banc\u00e1ria <\/strong>(NIB ou IBAN) ou atrav\u00e9s de <strong>MBway<\/strong>.<\/p>\n\n\n\n<p class=\"has-ktj-font-xsmall-font-size\"><strong><span style=\"text-decoration: underline;\">IBAN:<\/span> PT50 0193 0000 1050 5399 4015 6<br><span style=\"text-decoration: underline;\">MBway:<\/span>&nbsp;965665875<\/strong><\/p>\n\n\n\n<h2 class=\"wp-block-heading diff-title has-ktj-font-xsmall-font-size\">Seguro Anual<\/h2>\n\n\n\n<p class=\"has-ktj-font-xsmall-font-size\"><strong>12\u20ac pagos na inscri\u00e7\u00e3o <\/strong><\/p>\n<\/div>\n<\/div>\n<\/div>\n\n\n\n<div class=\"wp-block-cover alignfull has-kenta-accent-color has-text-color has-link-color wp-elements-cca296d1e666af087fc5e2e3caf92105\" style=\"padding-top:var(--wp--preset--spacing--80);padding-right:var(--wp--preset--spacing--50);padding-bottom:var(--wp--preset--spacing--80);padding-left:var(--wp--preset--spacing--50)\"><span aria-hidden=\"true\" class=\"wp-block-cover__background has-kenta-base-300-background-color has-background-dim-100 has-background-dim\"><\/span><div class=\"wp-block-cover__inner-container has-global-padding is-layout-constrained wp-container-core-cover-is-layout-a47e864c wp-block-cover-is-layout-constrained\">\n<div class=\"wp-block-kenta-blocks-heading kb-heading kb-heading-h2 kb-heading-6c818ba9\"><h2 class=\"\">Testemunhos<br><\/h2><\/div>\n\n\n\n<div class=\"wp-block-kenta-blocks-slides kb-slides-88090dcb kb-slides\"><button class=\"kb-slides-prev-arrow kb-slides-arrow\" id=\"kb-slides-prev-88090dcb\"><i class=\"fas fa-chevron-left\"><\/i><\/button><div class=\"kb-slides-inner-container\">\n<div class=\"wp-block-kenta-blocks-slide-item kb-slide-item-a3ddd9c4 kb-slide-item\"><div class=\"kb-slide-item-inner-container\">\n<p class=\"has-text-align-center\">Espa\u00e7o muito acolhedor. O Hugo \u00e9 um excelente profissional, muito dedicado. Recomendo as terapias e o espa\u00e7o para aluguer.<\/p>\n\n\n\n<p class=\"has-text-align-center\">M\u00e1rcia Leandra Ferreira Santos<\/p>\n<\/div><\/div>\n\n\n\n<div class=\"wp-block-kenta-blocks-slide-item kb-slide-item-e4449d35 kb-slide-item\"><div class=\"kb-slide-item-inner-container\">\n<p class=\"has-text-align-center\">Um espa\u00e7o calmo e acolhedor, junto \u00e0 esta\u00e7\u00e3o de Queluz, onde somos recebidos pela simpatia e profissionalismo do Hugo.<br>Comecei com a terapia sacrocraniana com o Hugo, mas facilmente se passa para qualquer outra terapia ou atividade.<\/p>\n\n\n\n<p class=\"has-text-align-center\">Ricardo Ven\u00e2ncio<\/p>\n<\/div><\/div>\n\n\n\n<div class=\"wp-block-kenta-blocks-slide-item kb-slide-item-a96fb91c kb-slide-item\"><div class=\"kb-slide-item-inner-container\">\n<p class=\"has-text-align-center\">Excelente experi\u00eancia, tem v\u00e1rios terapeutas. Posso falar em particular do Hugo Silva, \u00f3timo massagista e terapeuta de sacrocraniana. Ajudou me muito.<br>Tamb\u00e9m pode encontrar v\u00e1rios workshops direcionados ao desenvolvimento pessoal e bem estar.<br>Recomendo, \u00e9 f\u00e1cil de chegar ao local. \u00c9 mesmo em frente \u00e1 esta\u00e7\u00e3o de comboios de Queluz, Belas<\/p>\n\n\n\n<p class=\"has-text-align-center\">Sinda Costa<\/p>\n<\/div><\/div>\n\n\n\n<div class=\"wp-block-kenta-blocks-slide-item kb-slide-item-c0345e5e kb-slide-item\"><div class=\"kb-slide-item-inner-container\">\n<p class=\"has-text-align-center\">Hugo representa alt\u00edssimo n\u00edvel da aten\u00e7\u00e3o e dedica\u00e7\u00e3o a sua profiss\u00e3o e ao paciente. \u00c9 um s\u00edtio para n\u00f3s proporcionar um entendimento e tratamento hol\u00edstico e uma cura, em vez de apenas reduzir temporariamente as sintomas. Adorei, muito inspirador, respeito e gratid\u00e3o.<\/p>\n\n\n\n<p class=\"has-text-align-center\">Renata Violetta<\/p>\n<\/div><\/div>\n<\/div><button class=\"kb-slides-next-arrow kb-slides-arrow\" id=\"kb-slides-next-88090dcb\"><i class=\"fas fa-chevron-right\"><\/i><\/button><div class=\"kb-slides-dots\"><\/div><\/div>\n\n\n\n<div class=\"wp-block-buttons is-content-justification-center is-layout-flex wp-container-core-buttons-is-layout-a89b3969 wp-block-buttons-is-layout-flex\"><\/div>\n\n\n\n<div class=\"wp-block-buttons is-content-justification-center is-layout-flex wp-container-core-buttons-is-layout-a89b3969 wp-block-buttons-is-layout-flex\">\n<div class=\"wp-block-button is-style-outline is-style-outline--1\"><a class=\"wp-block-button__link has-custom-font-size wp-element-button\" href=\"https:\/\/www.google.com\/search?sa=X&amp;sca_esv=fc24ddbdfeda5bef&amp;rlz=1C1FCXM_pt-PTPT1035PT1035&amp;tbm=lcl&amp;sxsrf=AHTn8zpB9mA8tDcvEhkvuhM8jNsoQ2AeZA:1739954739370&amp;q=Hugo+Rosa+Silva+Terapia+Cr%C3%ADticas&amp;rflfq=1&amp;num=20&amp;stick=H4sIAAAAAAAAAONgkxIxNDE1M7UwsjQzMjQyMDEzNDA2tNjAyPiKUdGjND1fISi_OFEhODOnLFEhJLUosSAzUcG56PDakszkxOJFrITVAACqYh8iYwAAAA&amp;rldimm=14565829621204610318&amp;hl=pt-PT&amp;ved=2ahUKEwigk6nBrM-LAxWnTqQEHQFsDzMQ9fQKegQIQBAF&amp;biw=1920&amp;bih=929&amp;dpr=1#lkt=LocalPoiReviews\" style=\"font-size:clamp(14px, 0.875rem + ((1vw - 3.2px) * 0.732), 20px);\" target=\"_blank\" rel=\" noreferrer noopener nofollow\">Deixe-nos o seu coment\u00e1rio<\/a><\/div>\n<\/div>\n<\/div><\/div>\n\n\n\n<section class=\"wp-block-cover alignfull has-kenta-accent-color has-text-color has-link-color wp-elements-7d2e88b286431eae4accdcbbc4f497a3\" style=\"margin-top:0;margin-bottom:0;padding-top:var(--wp--preset--spacing--80);padding-right:var(--wp--preset--spacing--50);padding-bottom:var(--wp--preset--spacing--80);padding-left:var(--wp--preset--spacing--50)\"><img loading=\"lazy\" decoding=\"async\" width=\"1024\" height=\"576\" class=\"wp-block-cover__image-background wp-image-2445 size-large\" alt=\"\" src=\"https:\/\/hugorosasilvaterapia.pt\/wp-content\/uploads\/2025\/10\/Meditacao-1024x576.jpg\" data-object-fit=\"cover\" srcset=\"https:\/\/hugorosasilvaterapia.pt\/wp-content\/uploads\/2025\/10\/Meditacao-1024x576.jpg 1024w, https:\/\/hugorosasilvaterapia.pt\/wp-content\/uploads\/2025\/10\/Meditacao-300x169.jpg 300w, https:\/\/hugorosasilvaterapia.pt\/wp-content\/uploads\/2025\/10\/Meditacao-768x432.jpg 768w, https:\/\/hugorosasilvaterapia.pt\/wp-content\/uploads\/2025\/10\/Meditacao-1536x864.jpg 1536w, https:\/\/hugorosasilvaterapia.pt\/wp-content\/uploads\/2025\/10\/Meditacao-2048x1152.jpg 2048w\" sizes=\"auto, (max-width: 1024px) 100vw, 1024px\" \/><span aria-hidden=\"true\" class=\"wp-block-cover__background has-kenta-base-100-background-color has-background-dim\"><\/span><div class=\"wp-block-cover__inner-container has-global-padding is-layout-constrained wp-container-core-cover-is-layout-82fa407d wp-block-cover-is-layout-constrained\">\n<div class=\"wp-block-kenta-blocks-heading kb-heading kb-heading-h2 kb-heading-4f15ff55\"><h2 class=\"\">Subscreva a nossa Newsletter<\/h2><\/div>\n\n\n\n<div id=\"subscribe-newsletter\" style=\"max-width: 70vw; width: 350px;\"><div class=\"frm_forms  with_frm_style frm_style_formidable-style\" id=\"frm_form_2_container\" >\n<form enctype=\"multipart\/form-data\" method=\"post\" class=\"frm-show-form  frm_ajax_submit  frm_pro_form  frm_ajax_submit \" id=\"form_subscribe\" >\n<div class=\"frm_form_fields  form-group\">\n<fieldset>\n<legend class=\"frm_screen_reader\">Subscribe<\/legend>\r\n\r\n<div class=\"frm_fields_container\">\n<input type=\"hidden\" name=\"frm_action\" value=\"create\" \/>\n<input type=\"hidden\" name=\"form_id\" value=\"2\" \/>\n<input type=\"hidden\" name=\"frm_hide_fields_2\" id=\"frm_hide_fields_2\" value=\"\" \/>\n<input type=\"hidden\" name=\"form_key\" value=\"subscribe\" \/>\n<input type=\"hidden\" name=\"item_meta[0]\" value=\"\" \/>\n<input type=\"hidden\" id=\"frm_submit_entry_2\" name=\"frm_submit_entry_2\" value=\"637f0ab709\" \/><input type=\"hidden\" name=\"_wp_http_referer\" value=\"\/index.php\/wp-json\/wp\/v2\/pages\/2429\" \/><div id=\"frm_field_6_container\" class=\"frm_form_field form-field  frm_required_field form-group frm_inside_container frm12 frm_first\">\r\n    <label for=\"field_5mol9\" id=\"field_5mol9_label\" class=\"frm_primary_label control-label\">Email\r\n        <span class=\"frm_required\" aria-hidden=\"true\">(obrigatorio)<\/span>\r\n    <\/label>\r\n    <input type=\"email\" id=\"field_5mol9\" name=\"item_meta[6]\" value=\"\"  data-reqmsg=\"Obrigat\u00f3rio\" aria-required=\"true\" data-invmsg=\"Email \u00e9 inv\u00e1lido\" class=\"form-control\" aria-invalid=\"false\"  \/>\r\n    \r\n    \r\n<\/div>\n<div id=\"frm_field_7_container\" class=\"frm_form_field form-field  form-group\">\n\t<div class=\"form-group frm_submit form-group frm_submit_center\">\r\n\r\n<button class=\"frm_button_submit btn btn-default frm_final_submit\" type=\"submit\"  >Subscrever<\/button>\r\n\r\n<\/div>\n<\/div>\n\t<input type=\"hidden\" name=\"item_key\" value=\"\" \/>\n\t\t\t<div id=\"frm_field_8_container\">\n\t\t\t<label for=\"field_7cw4w\" >\n\t\t\t\tIf you are human, leave this field blank.\t\t\t<\/label>\n\t\t\t<input  id=\"field_7cw4w\" type=\"text\" class=\"frm_form_field form-field frm_verify\" name=\"item_meta[8]\" value=\"\"  \/>\n\t\t<\/div>\n\t\t<\/div>\n<\/fieldset>\n<\/div>\n\n<\/form>\n<\/div>\n<\/div>\n<\/div><\/section>\n","protected":false},"excerpt":{"rendered":"<p>A pr\u00e1tica de yoga tem benef\u00edcios cientificamente comprovados a n\u00edvel f\u00edsico, emocional e mental. Junta-te a n\u00f3s e vem abrandar o ritmo da correria di\u00e1ria usufruindo de uma ainda maior consci\u00eancia. Mais do que exerc\u00edcio f\u00edsico, yoga \u00e9 uma forma de vida que se adapta \u00e0 realidade em que est\u00e1 inserido e que \u00e9 como [&hellip;]<\/p>\n","protected":false},"author":1,"featured_media":197,"parent":0,"menu_order":0,"comment_status":"closed","ping_status":"closed","template":"","meta":{"_monsterinsights_skip_tracking":false,"_monsterinsights_sitenote_active":false,"_monsterinsights_sitenote_note":"","_monsterinsights_sitenote_category":0,"site-container-style":"default","site-container-layout":"default","site-sidebar-layout":"default","site-transparent-header":"enable","disable-article-header":"yes","disable-site-header":"default","disable-site-footer":"default","disable-content-area-spacing":"yes","footnotes":""},"class_list":["post-2429","page","type-page","status-publish","has-post-thumbnail","hentry"],"aioseo_notices":[],"_links":{"self":[{"href":"https:\/\/hugorosasilvaterapia.pt\/index.php\/wp-json\/wp\/v2\/pages\/2429","targetHints":{"allow":["GET"]}}],"collection":[{"href":"https:\/\/hugorosasilvaterapia.pt\/index.php\/wp-json\/wp\/v2\/pages"}],"about":[{"href":"https:\/\/hugorosasilvaterapia.pt\/index.php\/wp-json\/wp\/v2\/types\/page"}],"author":[{"embeddable":true,"href":"https:\/\/hugorosasilvaterapia.pt\/index.php\/wp-json\/wp\/v2\/users\/1"}],"replies":[{"embeddable":true,"href":"https:\/\/hugorosasilvaterapia.pt\/index.php\/wp-json\/wp\/v2\/comments?post=2429"}],"version-history":[{"count":80,"href":"https:\/\/hugorosasilvaterapia.pt\/index.php\/wp-json\/wp\/v2\/pages\/2429\/revisions"}],"predecessor-version":[{"id":2857,"href":"https:\/\/hugorosasilvaterapia.pt\/index.php\/wp-json\/wp\/v2\/pages\/2429\/revisions\/2857"}],"wp:featuredmedia":[{"embeddable":true,"href":"https:\/\/hugorosasilvaterapia.pt\/index.php\/wp-json\/wp\/v2\/media\/197"}],"wp:attachment":[{"href":"https:\/\/hugorosasilvaterapia.pt\/index.php\/wp-json\/wp\/v2\/media?parent=2429"}],"curies":[{"name":"wp","href":"https:\/\/api.w.org\/{rel}","templated":true}]}}