{"id":8,"date":"2023-12-12T12:08:23","date_gmt":"2023-12-12T12:08:23","guid":{"rendered":"http:\/\/jonasop.cluster029.hosting.ovh.net\/?page_id=8"},"modified":"2026-04-10T20:43:51","modified_gmt":"2026-04-10T19:43:51","slug":"servicos","status":"publish","type":"page","link":"https:\/\/hugorosasilvaterapia.pt\/index.php\/servicos\/","title":{"rendered":"Servi\u00e7os"},"content":{"rendered":"\n<div class=\"wp-block-columns alignwide is-layout-flex wp-container-core-columns-is-layout-28f84493 wp-block-columns-is-layout-flex\">\n<div class=\"wp-block-column is-layout-flow wp-block-column-is-layout-flow\">\n<h3 class=\"wp-block-heading has-text-align-center\">TERAPIA SACRO CRANIANA PEDI\u00c1TRICA<\/h3>\n\n\n\n<p class=\"has-text-align-center\">Abordagem muito subtil para rec\u00e9m-nascidos, beb\u00e9s e crian\u00e7as com torcicolos, c\u00f3licas, autismo, problemas de sono, otites, plagiocefalia, quest\u00f5es cong\u00e9nitas, dificuldades respirat\u00f3rias ou de suc\u00e7\u00e3o, entre outras.<\/p>\n<\/div>\n\n\n\n<div class=\"wp-block-column is-layout-flow wp-block-column-is-layout-flow\">\n<figure class=\"wp-block-image size-large has-custom-border\"><img loading=\"lazy\" decoding=\"async\" width=\"1024\" height=\"683\" src=\"https:\/\/hugorosasilvaterapia.pt\/wp-content\/uploads\/2026\/02\/hugo-7-1024x683.jpg\" alt=\"\" class=\"wp-image-2794\" style=\"border-top-left-radius:10px;border-top-right-radius:10px;border-bottom-left-radius:10px;border-bottom-right-radius:10px;aspect-ratio:16\/9;object-fit:cover\" srcset=\"https:\/\/hugorosasilvaterapia.pt\/wp-content\/uploads\/2026\/02\/hugo-7-1024x683.jpg 1024w, https:\/\/hugorosasilvaterapia.pt\/wp-content\/uploads\/2026\/02\/hugo-7-300x200.jpg 300w, https:\/\/hugorosasilvaterapia.pt\/wp-content\/uploads\/2026\/02\/hugo-7-768x512.jpg 768w, https:\/\/hugorosasilvaterapia.pt\/wp-content\/uploads\/2026\/02\/hugo-7-1536x1024.jpg 1536w, https:\/\/hugorosasilvaterapia.pt\/wp-content\/uploads\/2026\/02\/hugo-7-2048x1365.jpg 2048w\" sizes=\"auto, (max-width: 1024px) 100vw, 1024px\" \/><\/figure>\n<\/div>\n<\/div>\n\n\n\n<div class=\"wp-block-columns alignwide is-layout-flex wp-container-core-columns-is-layout-28f84493 wp-block-columns-is-layout-flex\">\n<div class=\"wp-block-column is-layout-flow wp-block-column-is-layout-flow\">\n<figure class=\"wp-block-image size-full has-custom-border is-style-default\"><img loading=\"lazy\" decoding=\"async\" width=\"2560\" height=\"1680\" src=\"https:\/\/hugorosasilvaterapia.pt\/wp-content\/uploads\/2026\/04\/HugoRosaSilva.SPAFotografia-27-6-scaled.jpg\" alt=\"\" class=\"wp-image-3018\" style=\"border-top-left-radius:20px;border-top-right-radius:20px;border-bottom-left-radius:20px;border-bottom-right-radius:20px;aspect-ratio:1.7777777777777777;object-fit:cover\" srcset=\"https:\/\/hugorosasilvaterapia.pt\/wp-content\/uploads\/2026\/04\/HugoRosaSilva.SPAFotografia-27-6-scaled.jpg 2560w, https:\/\/hugorosasilvaterapia.pt\/wp-content\/uploads\/2026\/04\/HugoRosaSilva.SPAFotografia-27-6-300x197.jpg 300w, https:\/\/hugorosasilvaterapia.pt\/wp-content\/uploads\/2026\/04\/HugoRosaSilva.SPAFotografia-27-6-1024x672.jpg 1024w, https:\/\/hugorosasilvaterapia.pt\/wp-content\/uploads\/2026\/04\/HugoRosaSilva.SPAFotografia-27-6-768x504.jpg 768w, https:\/\/hugorosasilvaterapia.pt\/wp-content\/uploads\/2026\/04\/HugoRosaSilva.SPAFotografia-27-6-1536x1008.jpg 1536w, https:\/\/hugorosasilvaterapia.pt\/wp-content\/uploads\/2026\/04\/HugoRosaSilva.SPAFotografia-27-6-2048x1344.jpg 2048w\" sizes=\"auto, (max-width: 2560px) 100vw, 2560px\" \/><\/figure>\n<\/div>\n\n\n\n<div class=\"wp-block-column is-layout-flow wp-block-column-is-layout-flow\">\n<h3 class=\"wp-block-heading alignwide has-text-align-center\"><strong><strong><strong>REABILITA\u00c7\u00c3O F\u00cdSICA<\/strong><\/strong><\/strong><\/h3>\n\n\n\n<p class=\"has-text-align-center\">Recomendada para quem tem restri\u00e7\u00e3o de movimento, desconforto ou dor muscular, ligamentar ou articular.<br>Recomendada em tendinites, contraturas, entorses, ruturas musculares, torcicolos, entre outros.<\/p>\n<\/div>\n<\/div>\n\n\n\n<div class=\"wp-block-columns alignwide is-layout-flex wp-container-core-columns-is-layout-28f84493 wp-block-columns-is-layout-flex\" style=\"border-radius:0px\">\n<div class=\"wp-block-column is-layout-flow wp-block-column-is-layout-flow\">\n<h3 class=\"wp-block-heading has-text-align-center\"><strong><strong>TERAPIA SACRO CRANIANA<\/strong>&nbsp;<\/strong><\/h3>\n\n\n\n<p class=\"has-text-align-center\">Ao ver o organismo como um todo trabalha a f\u00e1scia, e os sistemas nervoso, visceral, neural e muscular. Especialmente ben\u00e9fica para ansiedade, fibromialgia, doen\u00e7as autoimunes, torcicolos, stress, bruxismo, otites, dificuldades respirat\u00f3rias, dores de cabe\u00e7a, enxaquecas e outros.&nbsp;<\/p>\n<\/div>\n\n\n\n<div class=\"wp-block-column is-layout-flow wp-block-column-is-layout-flow\">\n<figure class=\"wp-block-image size-full has-custom-border\"><img loading=\"lazy\" decoding=\"async\" width=\"1024\" height=\"661\" src=\"https:\/\/hugorosasilvaterapia.pt\/wp-content\/uploads\/2026\/02\/tsacro.jpg\" alt=\"\" class=\"wp-image-2813\" style=\"border-top-left-radius:10px;border-top-right-radius:10px;border-bottom-left-radius:10px;border-bottom-right-radius:10px;aspect-ratio:16\/9;object-fit:cover\" srcset=\"https:\/\/hugorosasilvaterapia.pt\/wp-content\/uploads\/2026\/02\/tsacro.jpg 1024w, https:\/\/hugorosasilvaterapia.pt\/wp-content\/uploads\/2026\/02\/tsacro-300x194.jpg 300w, https:\/\/hugorosasilvaterapia.pt\/wp-content\/uploads\/2026\/02\/tsacro-768x496.jpg 768w\" sizes=\"auto, (max-width: 1024px) 100vw, 1024px\" \/><\/figure>\n<\/div>\n<\/div>\n\n\n\n<div class=\"wp-block-columns alignwide is-layout-flex wp-container-core-columns-is-layout-28f84493 wp-block-columns-is-layout-flex\">\n<div class=\"wp-block-column is-layout-flow wp-block-column-is-layout-flow\">\n<figure class=\"wp-block-image size-large has-custom-border\"><img loading=\"lazy\" decoding=\"async\" width=\"1024\" height=\"681\" src=\"https:\/\/hugorosasilvaterapia.pt\/wp-content\/uploads\/2026\/04\/sided-view-young-girl-talking-therapist-1024x681.jpg\" alt=\"\" class=\"wp-image-2967\" style=\"border-top-left-radius:10px;border-top-right-radius:10px;border-bottom-left-radius:10px;border-bottom-right-radius:10px;aspect-ratio:16\/9;object-fit:cover\" srcset=\"https:\/\/hugorosasilvaterapia.pt\/wp-content\/uploads\/2026\/04\/sided-view-young-girl-talking-therapist-1024x681.jpg 1024w, https:\/\/hugorosasilvaterapia.pt\/wp-content\/uploads\/2026\/04\/sided-view-young-girl-talking-therapist-300x200.jpg 300w, https:\/\/hugorosasilvaterapia.pt\/wp-content\/uploads\/2026\/04\/sided-view-young-girl-talking-therapist-768x511.jpg 768w, https:\/\/hugorosasilvaterapia.pt\/wp-content\/uploads\/2026\/04\/sided-view-young-girl-talking-therapist-1536x1022.jpg 1536w, https:\/\/hugorosasilvaterapia.pt\/wp-content\/uploads\/2026\/04\/sided-view-young-girl-talking-therapist-2048x1363.jpg 2048w\" sizes=\"auto, (max-width: 1024px) 100vw, 1024px\" \/><\/figure>\n<\/div>\n\n\n\n<div class=\"wp-block-column is-layout-flow wp-block-column-is-layout-flow\">\n<h3 class=\"wp-block-heading has-text-align-center\"><strong><strong><strong><strong><strong><strong><strong><strong><strong>PSICOLOGIA<\/strong><\/strong><\/strong><\/strong><\/strong><\/strong><\/strong><\/strong><\/strong><\/h3>\n\n\n\n<p class=\"has-text-align-center\">Consultas adaptadas \u00e0 singularidade de cada pessoa. Especialmente recomendado para regula\u00e7\u00e3o emocional, gest\u00e3o da ansiedade, stress, padr\u00f5es disfuncionais, baixa autoestima, relacionamentos, terapia de casal, entre outros.<\/p>\n\n\n\n<p class=\"has-text-align-center\"><\/p>\n<\/div>\n<\/div>\n\n\n\n<div class=\"wp-block-columns alignwide is-layout-flex wp-container-core-columns-is-layout-28f84493 wp-block-columns-is-layout-flex\">\n<div class=\"wp-block-column is-layout-flow wp-block-column-is-layout-flow\">\n<h3 class=\"wp-block-heading has-text-align-center\"><strong>MASSAGEM DESPORTIVA<\/strong><\/h3>\n\n\n\n<p class=\"has-text-align-center\">Promove a produ\u00e7\u00e3o de adrenalina e o aquecimento dos tecidos e ajuda a eliminar as toxinas e a drenar o \u00e1cido l\u00e1tico. Recomendada para atletas amadores ou profissionais que queiram prevenir les\u00f5es musculares e melhorar a performance.&nbsp; <\/p>\n<\/div>\n\n\n\n<div class=\"wp-block-column is-layout-flow wp-block-column-is-layout-flow\">\n<figure class=\"wp-block-image size-full has-custom-border\"><img loading=\"lazy\" decoding=\"async\" width=\"1060\" height=\"706\" src=\"https:\/\/hugorosasilvaterapia.pt\/wp-content\/uploads\/2026\/02\/massagem-desportiva-e1741803030266.jpg\" alt=\"\" class=\"wp-image-2712\" style=\"border-top-left-radius:10px;border-top-right-radius:10px;border-bottom-left-radius:10px;border-bottom-right-radius:10px;aspect-ratio:16\/9;object-fit:cover\" srcset=\"https:\/\/hugorosasilvaterapia.pt\/wp-content\/uploads\/2026\/02\/massagem-desportiva-e1741803030266.jpg 1060w, https:\/\/hugorosasilvaterapia.pt\/wp-content\/uploads\/2026\/02\/massagem-desportiva-e1741803030266-300x200.jpg 300w, https:\/\/hugorosasilvaterapia.pt\/wp-content\/uploads\/2026\/02\/massagem-desportiva-e1741803030266-1024x682.jpg 1024w, https:\/\/hugorosasilvaterapia.pt\/wp-content\/uploads\/2026\/02\/massagem-desportiva-e1741803030266-768x512.jpg 768w\" sizes=\"auto, (max-width: 1060px) 100vw, 1060px\" \/><\/figure>\n<\/div>\n<\/div>\n\n\n\n<div class=\"wp-block-columns alignwide is-layout-flex wp-container-core-columns-is-layout-28f84493 wp-block-columns-is-layout-flex\">\n<div class=\"wp-block-column is-layout-flow wp-block-column-is-layout-flow\">\n<figure class=\"wp-block-image size-full has-custom-border\"><img loading=\"lazy\" decoding=\"async\" width=\"1134\" height=\"732\" src=\"https:\/\/hugorosasilvaterapia.pt\/wp-content\/uploads\/2026\/02\/tosteo-1.jpg\" alt=\"\" class=\"wp-image-2815\" style=\"border-top-left-radius:10px;border-top-right-radius:10px;border-bottom-left-radius:10px;border-bottom-right-radius:10px;aspect-ratio:16\/9;object-fit:cover\" srcset=\"https:\/\/hugorosasilvaterapia.pt\/wp-content\/uploads\/2026\/02\/tosteo-1.jpg 1134w, https:\/\/hugorosasilvaterapia.pt\/wp-content\/uploads\/2026\/02\/tosteo-1-300x194.jpg 300w, https:\/\/hugorosasilvaterapia.pt\/wp-content\/uploads\/2026\/02\/tosteo-1-1024x661.jpg 1024w, https:\/\/hugorosasilvaterapia.pt\/wp-content\/uploads\/2026\/02\/tosteo-1-768x496.jpg 768w\" sizes=\"auto, (max-width: 1134px) 100vw, 1134px\" \/><\/figure>\n<\/div>\n\n\n\n<div class=\"wp-block-column is-layout-flow wp-block-column-is-layout-flow\">\n<h3 class=\"wp-block-heading alignwide has-text-align-center\"><strong><strong>T. OSTEOPATIA<\/strong><\/strong><\/h3>\n\n\n\n<p class=\"has-text-align-center\">Atua sobre a estrutura corporal, equilibrando-a com recurso a t\u00e9cnicas manuais para executar o diagn\u00f3stico e tratamento. Pode combinar t\u00e9cnicas dos tecidos moles, mobiliza\u00e7\u00e3o das articula\u00e7\u00f5es, corre\u00e7\u00e3o postural, manipula\u00e7\u00e3o visceral e neural, entre outras.<\/p>\n<\/div>\n<\/div>\n\n\n\n<div class=\"wp-block-columns alignwide is-layout-flex wp-container-core-columns-is-layout-28f84493 wp-block-columns-is-layout-flex\">\n<div class=\"wp-block-column is-layout-flow wp-block-column-is-layout-flow\">\n<h3 class=\"wp-block-heading has-text-align-center\"><strong><strong>HIPNOTERAPIA<\/strong><\/strong><\/h3>\n\n\n\n<p class=\"has-text-align-center\">Trabalha sobre os traumas e bloqueios. Visa ir \u00e0 origem da m\u00e1goa ou dor e \u00e0 sua resolu\u00e7\u00e3o interna. Terapia adequada para fim de v\u00edcios e para melhoria da performance acad\u00e9mica e\/ou desportiva. Pode ser coadjuvante de qualquer outro tratamento.<\/p>\n<\/div>\n\n\n\n<div class=\"wp-block-column is-layout-flow wp-block-column-is-layout-flow\">\n<figure class=\"wp-block-image size-full has-custom-border\"><img loading=\"lazy\" decoding=\"async\" width=\"3612\" height=\"2495\" src=\"https:\/\/hugorosasilvaterapia.pt\/wp-content\/uploads\/2025\/01\/man-sitting-psychologist-s-office-talking-about-problems-1.jpg\" alt=\"\" class=\"wp-image-1857\" style=\"border-top-left-radius:10px;border-top-right-radius:10px;border-bottom-left-radius:10px;border-bottom-right-radius:10px;aspect-ratio:16\/9;object-fit:cover\"\/><\/figure>\n<\/div>\n<\/div>\n\n\n\n<div class=\"wp-block-columns alignwide is-layout-flex wp-container-core-columns-is-layout-28f84493 wp-block-columns-is-layout-flex\">\n<div class=\"wp-block-column is-layout-flow wp-block-column-is-layout-flow\">\n<figure class=\"wp-block-image size-large has-custom-border\"><img loading=\"lazy\" decoding=\"async\" width=\"1024\" height=\"683\" src=\"https:\/\/hugorosasilvaterapia.pt\/wp-content\/uploads\/2025\/10\/Alim.-Funcional-1024x683.jpg\" alt=\"\" class=\"wp-image-2498\" style=\"border-top-left-radius:10px;border-top-right-radius:10px;border-bottom-left-radius:10px;border-bottom-right-radius:10px;aspect-ratio:16\/9;object-fit:cover\" srcset=\"https:\/\/hugorosasilvaterapia.pt\/wp-content\/uploads\/2025\/10\/Alim.-Funcional-1024x683.jpg 1024w, https:\/\/hugorosasilvaterapia.pt\/wp-content\/uploads\/2025\/10\/Alim.-Funcional-300x200.jpg 300w, https:\/\/hugorosasilvaterapia.pt\/wp-content\/uploads\/2025\/10\/Alim.-Funcional-768x512.jpg 768w, https:\/\/hugorosasilvaterapia.pt\/wp-content\/uploads\/2025\/10\/Alim.-Funcional-1536x1024.jpg 1536w, https:\/\/hugorosasilvaterapia.pt\/wp-content\/uploads\/2025\/10\/Alim.-Funcional-2048x1365.jpg 2048w\" sizes=\"auto, (max-width: 1024px) 100vw, 1024px\" \/><\/figure>\n<\/div>\n\n\n\n<div class=\"wp-block-column is-layout-flow wp-block-column-is-layout-flow\">\n<h3 class=\"wp-block-heading has-text-align-center\"><strong><strong><strong><strong><strong><strong><strong><strong><strong>ALIMENTA\u00c7\u00c3O FUNCIONAL<\/strong><\/strong><\/strong><\/strong><\/strong><\/strong><\/strong><\/strong><\/strong><\/h3>\n\n\n\n<p class=\"has-text-align-center\">Consultas que combinam Naturopatia com Aromaterapia e Fitoterapia. O principal objetivo \u00e9 ajudar o corpo a restabelecer-se ou a manter o seu bom funcionamento e cultivar uma rela\u00e7\u00e3o positiva com a alimenta\u00e7\u00e3o.<\/p>\n\n\n\n<p class=\"has-text-align-center\"><\/p>\n<\/div>\n<\/div>\n\n\n\n\n\n<div class=\"wp-block-columns alignwide is-layout-flex wp-container-core-columns-is-layout-28f84493 wp-block-columns-is-layout-flex\">\n<div class=\"wp-block-column is-layout-flow wp-block-column-is-layout-flow\">\n<h3 class=\"wp-block-heading has-text-align-center\"><strong><strong><strong>MEDITA\u00c7\u00c3O<\/strong><\/strong><\/strong><\/h3>\n\n\n\n<p class=\"has-text-align-center\">Aulas presenciais regulares que nos ajudam a abrandar face \u00e0 correria do dia-a-dia. Pausas para observar, estar, ser e sentir, saindo do piloto autom\u00e1tico. Vem praticar connosco.<\/p>\n<\/div>\n\n\n\n<div class=\"wp-block-column is-layout-flow wp-block-column-is-layout-flow\">\n<figure class=\"wp-block-image size-large has-custom-border\"><img loading=\"lazy\" decoding=\"async\" width=\"721\" height=\"1024\" src=\"https:\/\/hugorosasilvaterapia.pt\/wp-content\/uploads\/2026\/02\/HugoRosaSilva.SPAFotografia-66-scaled-e1772031392228-721x1024.jpg\" alt=\"\" class=\"wp-image-2819\" style=\"border-top-left-radius:10px;border-top-right-radius:10px;border-bottom-left-radius:10px;border-bottom-right-radius:10px;aspect-ratio:16\/9;object-fit:cover\" srcset=\"https:\/\/hugorosasilvaterapia.pt\/wp-content\/uploads\/2026\/02\/HugoRosaSilva.SPAFotografia-66-scaled-e1772031392228-721x1024.jpg 721w, https:\/\/hugorosasilvaterapia.pt\/wp-content\/uploads\/2026\/02\/HugoRosaSilva.SPAFotografia-66-scaled-e1772031392228-211x300.jpg 211w, https:\/\/hugorosasilvaterapia.pt\/wp-content\/uploads\/2026\/02\/HugoRosaSilva.SPAFotografia-66-scaled-e1772031392228-768x1091.jpg 768w, https:\/\/hugorosasilvaterapia.pt\/wp-content\/uploads\/2026\/02\/HugoRosaSilva.SPAFotografia-66-scaled-e1772031392228-1081x1536.jpg 1081w, https:\/\/hugorosasilvaterapia.pt\/wp-content\/uploads\/2026\/02\/HugoRosaSilva.SPAFotografia-66-scaled-e1772031392228-1442x2048.jpg 1442w, https:\/\/hugorosasilvaterapia.pt\/wp-content\/uploads\/2026\/02\/HugoRosaSilva.SPAFotografia-66-scaled-e1772031392228.jpg 1460w\" sizes=\"auto, (max-width: 721px) 100vw, 721px\" \/><\/figure>\n<\/div>\n<\/div>\n\n\n\n<div class=\"wp-block-columns alignwide is-layout-flex wp-container-core-columns-is-layout-28f84493 wp-block-columns-is-layout-flex\">\n<div class=\"wp-block-column is-layout-flow wp-block-column-is-layout-flow\">\n<figure class=\"wp-block-image size-large has-custom-border\"><img loading=\"lazy\" decoding=\"async\" width=\"1024\" height=\"646\" src=\"https:\/\/hugorosasilvaterapia.pt\/wp-content\/uploads\/2023\/12\/kike-vega-F2qh3yjz6Jk-unsplash-1024x646.jpg\" alt=\"\" class=\"wp-image-401\" style=\"border-top-left-radius:10px;border-top-right-radius:10px;border-bottom-left-radius:10px;border-bottom-right-radius:10px;aspect-ratio:16\/9;object-fit:cover\" srcset=\"https:\/\/hugorosasilvaterapia.pt\/wp-content\/uploads\/2023\/12\/kike-vega-F2qh3yjz6Jk-unsplash-1024x646.jpg 1024w, https:\/\/hugorosasilvaterapia.pt\/wp-content\/uploads\/2023\/12\/kike-vega-F2qh3yjz6Jk-unsplash-300x189.jpg 300w, https:\/\/hugorosasilvaterapia.pt\/wp-content\/uploads\/2023\/12\/kike-vega-F2qh3yjz6Jk-unsplash-768x484.jpg 768w, https:\/\/hugorosasilvaterapia.pt\/wp-content\/uploads\/2023\/12\/kike-vega-F2qh3yjz6Jk-unsplash-1536x968.jpg 1536w, https:\/\/hugorosasilvaterapia.pt\/wp-content\/uploads\/2023\/12\/kike-vega-F2qh3yjz6Jk-unsplash-2048x1291.jpg 2048w\" sizes=\"auto, (max-width: 1024px) 100vw, 1024px\" \/><\/figure>\n<\/div>\n\n\n\n<div class=\"wp-block-column is-layout-flow wp-block-column-is-layout-flow\">\n<h3 class=\"wp-block-heading has-text-align-center\"><strong><strong><strong><strong><strong><strong><strong><strong><strong>YOGA<\/strong><\/strong><\/strong><\/strong><\/strong><\/strong><\/strong><\/strong><\/strong><\/h3>\n\n\n\n<p class=\"has-text-align-center\">A pr\u00e1tica de yoga traz benef\u00edcios comprovados a n\u00edvel f\u00edsico, emocional e mental. Aulas presenciais, individuais e em grupo.<\/p>\n<\/div>\n<\/div>\n\n\n\n\n\n<div class=\"wp-block-columns alignwide is-layout-flex wp-container-core-columns-is-layout-28f84493 wp-block-columns-is-layout-flex\">\n<div class=\"wp-block-column is-layout-flow wp-block-column-is-layout-flow\">\n<p class=\"has-text-align-center\"><strong>OUTROS SERVI\u00c7OS<\/strong><\/p>\n\n\n\n<div class=\"wp-block-columns alignwide is-layout-flex wp-container-core-columns-is-layout-28f84493 wp-block-columns-is-layout-flex\">\n<div class=\"wp-block-column is-layout-flow wp-block-column-is-layout-flow\" style=\"flex-basis:50%\">\n<div class=\"wp-block-columns is-layout-flex wp-container-core-columns-is-layout-28f84493 wp-block-columns-is-layout-flex\">\n<div class=\"wp-block-column is-layout-flow wp-block-column-is-layout-flow\">\n<p>SHIATSU<\/p>\n\n\n\n\n\n<p>PRESSOTERAPIA<\/p>\n\n\n\n<p>REIKI<\/p>\n<\/div>\n<\/div>\n<\/div>\n\n\n\n<div class=\"wp-block-column is-layout-flow wp-block-column-is-layout-flow\" style=\"flex-basis:50%\">\n<p>EQUIL\u00cdBRIO GLANDULAR &#8211; M\u00c9TODO EQUILIOS\u00ae<\/p>\n\n\n\n<p>DRENAGEM LINF\u00c1TICA MANUAL<br><br>DAN\u00c7A E MOVIMENTO TERAPIA<\/p>\n<\/div>\n<\/div>\n<\/div>\n<\/div>\n\n\n\n<div class=\"wp-block-columns is-layout-flex wp-container-core-columns-is-layout-28f84493 wp-block-columns-is-layout-flex\">\n<div class=\"wp-block-column is-vertically-aligned-center is-layout-flow wp-block-column-is-layout-flow\" style=\"flex-basis:66.66%\">\n<p><\/p>\n\n\n\n<h2 class=\"wp-block-heading alignwide has-text-align-center\" style=\"border-style:none;border-width:0px\">D\u00ea mais valor e qualidade ao tempo! Contacte-nos.<\/h2>\n\n\n\n<p><\/p>\n<\/div>\n\n\n\n<div class=\"wp-block-column is-vertically-aligned-center is-layout-flow wp-block-column-is-layout-flow\" style=\"flex-basis:33.33%\">\n<p class=\"has-text-align-center\"><div class=\"latepoint-book-button-wrapper wp-block-button\"><a href=\"#\" class=\"latepoint-book-button os_trigger_booking wp-block-button__link\" data-selected-service-category=\"1\" >Book Appointment<\/a><\/div><\/p>\n<\/div>\n<\/div>\n\n\n\n<section class=\"wp-block-cover alignfull has-kenta-accent-color has-text-color has-link-color wp-elements-7d2e88b286431eae4accdcbbc4f497a3\" style=\"margin-top:0;margin-bottom:0;padding-top:var(--wp--preset--spacing--80);padding-right:var(--wp--preset--spacing--50);padding-bottom:var(--wp--preset--spacing--80);padding-left:var(--wp--preset--spacing--50)\"><img loading=\"lazy\" decoding=\"async\" width=\"1024\" height=\"576\" class=\"wp-block-cover__image-background wp-image-2445 size-large\" alt=\"\" src=\"https:\/\/hugorosasilvaterapia.pt\/wp-content\/uploads\/2025\/10\/Meditacao-1024x576.jpg\" data-object-fit=\"cover\" srcset=\"https:\/\/hugorosasilvaterapia.pt\/wp-content\/uploads\/2025\/10\/Meditacao-1024x576.jpg 1024w, https:\/\/hugorosasilvaterapia.pt\/wp-content\/uploads\/2025\/10\/Meditacao-300x169.jpg 300w, https:\/\/hugorosasilvaterapia.pt\/wp-content\/uploads\/2025\/10\/Meditacao-768x432.jpg 768w, https:\/\/hugorosasilvaterapia.pt\/wp-content\/uploads\/2025\/10\/Meditacao-1536x864.jpg 1536w, https:\/\/hugorosasilvaterapia.pt\/wp-content\/uploads\/2025\/10\/Meditacao-2048x1152.jpg 2048w\" sizes=\"auto, (max-width: 1024px) 100vw, 1024px\" \/><span aria-hidden=\"true\" class=\"wp-block-cover__background has-kenta-base-100-background-color has-background-dim\"><\/span><div class=\"wp-block-cover__inner-container has-global-padding is-layout-constrained wp-container-core-cover-is-layout-82fa407d wp-block-cover-is-layout-constrained\">\n<div class=\"wp-block-kenta-blocks-heading kb-heading kb-heading-h2 kb-heading-4f15ff55\"><h2 class=\"\">Subscreva a nossa Newsletter<\/h2><\/div>\n\n\n\n<div id=\"subscribe-newsletter\" style=\"max-width: 70vw; width: 350px;\"><div class=\"frm_forms  with_frm_style frm_style_formidable-style\" id=\"frm_form_2_container\" >\n<form enctype=\"multipart\/form-data\" method=\"post\" class=\"frm-show-form  frm_ajax_submit  frm_pro_form  frm_ajax_submit \" id=\"form_subscribe\" >\n<div class=\"frm_form_fields  form-group\">\n<fieldset>\n<legend class=\"frm_screen_reader\">Subscribe<\/legend>\r\n\r\n<div class=\"frm_fields_container\">\n<input type=\"hidden\" name=\"frm_action\" value=\"create\" \/>\n<input type=\"hidden\" name=\"form_id\" value=\"2\" \/>\n<input type=\"hidden\" name=\"frm_hide_fields_2\" id=\"frm_hide_fields_2\" value=\"\" \/>\n<input type=\"hidden\" name=\"form_key\" value=\"subscribe\" \/>\n<input type=\"hidden\" name=\"item_meta[0]\" value=\"\" \/>\n<input type=\"hidden\" id=\"frm_submit_entry_2\" name=\"frm_submit_entry_2\" value=\"bd7faadd6e\" \/><input type=\"hidden\" name=\"_wp_http_referer\" value=\"\/index.php\/wp-json\/wp\/v2\/pages\/8\" \/><div id=\"frm_field_6_container\" class=\"frm_form_field form-field  frm_required_field form-group frm_inside_container frm12 frm_first\">\r\n    <label for=\"field_5mol9\" id=\"field_5mol9_label\" class=\"frm_primary_label control-label\">Email\r\n        <span class=\"frm_required\" aria-hidden=\"true\">(obrigatorio)<\/span>\r\n    <\/label>\r\n    <input type=\"email\" id=\"field_5mol9\" name=\"item_meta[6]\" value=\"\"  data-reqmsg=\"Obrigat\u00f3rio\" aria-required=\"true\" data-invmsg=\"Email \u00e9 inv\u00e1lido\" class=\"form-control\" aria-invalid=\"false\"  \/>\r\n    \r\n    \r\n<\/div>\n<div id=\"frm_field_7_container\" class=\"frm_form_field form-field  form-group\">\n\t<div class=\"form-group frm_submit form-group frm_submit_center\">\r\n\r\n<button class=\"frm_button_submit btn btn-default frm_final_submit\" type=\"submit\"  >Subscrever<\/button>\r\n\r\n<\/div>\n<\/div>\n\t<input type=\"hidden\" name=\"item_key\" value=\"\" \/>\n\t\t\t<div id=\"frm_field_8_container\">\n\t\t\t<label for=\"field_unlz6\" >\n\t\t\t\tIf you are human, leave this field blank.\t\t\t<\/label>\n\t\t\t<input  id=\"field_unlz6\" type=\"text\" class=\"frm_form_field form-field frm_verify\" name=\"item_meta[8]\" value=\"\"  \/>\n\t\t<\/div>\n\t\t<\/div>\n<\/fieldset>\n<\/div>\n\n<\/form>\n<\/div>\n<\/div>\n<\/div><\/section>\n","protected":false},"excerpt":{"rendered":"<p>TERAPIA SACRO CRANIANA PEDI\u00c1TRICA Abordagem muito subtil para rec\u00e9m-nascidos, beb\u00e9s e crian\u00e7as com torcicolos, c\u00f3licas, autismo, problemas de sono, otites, plagiocefalia, quest\u00f5es cong\u00e9nitas, dificuldades respirat\u00f3rias ou de suc\u00e7\u00e3o, entre outras. REABILITA\u00c7\u00c3O F\u00cdSICA Recomendada para quem tem restri\u00e7\u00e3o de movimento, desconforto ou dor muscular, ligamentar ou articular.Recomendada em tendinites, contraturas, entorses, ruturas musculares, torcicolos, entre outros. [&hellip;]<\/p>\n","protected":false},"author":1,"featured_media":2765,"parent":0,"menu_order":0,"comment_status":"closed","ping_status":"closed","template":"","meta":{"_monsterinsights_skip_tracking":false,"_monsterinsights_sitenote_active":false,"_monsterinsights_sitenote_note":"","_monsterinsights_sitenote_category":0,"site-container-style":"default","site-container-layout":"default","site-sidebar-layout":"default","site-transparent-header":"default","disable-article-header":"default","disable-site-header":"default","disable-site-footer":"default","disable-content-area-spacing":"default","footnotes":""},"class_list":["post-8","page","type-page","status-publish","has-post-thumbnail","hentry"],"aioseo_notices":[],"_links":{"self":[{"href":"https:\/\/hugorosasilvaterapia.pt\/index.php\/wp-json\/wp\/v2\/pages\/8","targetHints":{"allow":["GET"]}}],"collection":[{"href":"https:\/\/hugorosasilvaterapia.pt\/index.php\/wp-json\/wp\/v2\/pages"}],"about":[{"href":"https:\/\/hugorosasilvaterapia.pt\/index.php\/wp-json\/wp\/v2\/types\/page"}],"author":[{"embeddable":true,"href":"https:\/\/hugorosasilvaterapia.pt\/index.php\/wp-json\/wp\/v2\/users\/1"}],"replies":[{"embeddable":true,"href":"https:\/\/hugorosasilvaterapia.pt\/index.php\/wp-json\/wp\/v2\/comments?post=8"}],"version-history":[{"count":151,"href":"https:\/\/hugorosasilvaterapia.pt\/index.php\/wp-json\/wp\/v2\/pages\/8\/revisions"}],"predecessor-version":[{"id":3019,"href":"https:\/\/hugorosasilvaterapia.pt\/index.php\/wp-json\/wp\/v2\/pages\/8\/revisions\/3019"}],"wp:featuredmedia":[{"embeddable":true,"href":"https:\/\/hugorosasilvaterapia.pt\/index.php\/wp-json\/wp\/v2\/media\/2765"}],"wp:attachment":[{"href":"https:\/\/hugorosasilvaterapia.pt\/index.php\/wp-json\/wp\/v2\/media?parent=8"}],"curies":[{"name":"wp","href":"https:\/\/api.w.org\/{rel}","templated":true}]}}